{"id":111829,"date":"2022-12-30T10:25:46","date_gmt":"2022-12-30T09:25:46","guid":{"rendered":"https:\/\/nugosu.gg\/?page_id=111829"},"modified":"2022-12-30T10:25:46","modified_gmt":"2022-12-30T09:25:46","slug":"szemelyes-adatok-vedelme","status":"publish","type":"page","link":"https:\/\/nugosu.gg\/hu\/szemelyes-adatok-vedelme\/","title":{"rendered":"Szem\u00e9lyes adatok v\u00e9delme"},"content":{"rendered":"<h1><b>Adatv\u00e9delmi Szab\u00e1lyzat<\/b><\/h1>\n<p><span style=\"font-weight: 400;\">A jelen Adatv\u00e9delmi Szab\u00e1lyzat (a tov\u00e1bbiakban: Felt\u00e9telek) r\u00f6gz\u00edti azokat a felt\u00e9teleket, amelyekkel a NG EU s.r.o., t\u00e1rsas\u00e1g, sz\u00e9khely: Jenisejsk\u00e1 45A,, 04012 Ko\u0161ice, Szlov\u00e1kia, Kassa I Ker\u00fcleti B\u00edr\u00f3s\u00e1g C\u00e9gnyilv\u00e1ntart\u00e1s\u00e1ban bejegyezve a 50737\/V jegyz\u00e9ksz\u00e1m alatt) (a tov\u00e1bbiakban: V\u00e1llalat vagy mi) az \u00d6n szem\u00e9lyes adatait a szolg\u00e1ltat\u00e1sai kivitelez\u00e9se \u00e9rdek\u00e9ben kezeli, els\u0151sorban az Euro\u0301pai Unio\u0301 \u00e1ltal\u00e1nos adatv\u00e9delmi rendelet\u00e9nek (az Euro\u0301pai Parlament e\u0301s a Tana\u0301cs 2016\/679 Rendelete, tova\u0301bbiakban: GDPR) \u00e9s az adatakezel\u00e9sre vonatkoz\u00f3 EU \u00e9s magyar jogszaba\u0301lyoknak megfelelo\u030ben. A GDPR magyar nyelv\u0171 sz\u00f6vege el\u00e9rhet\u0151 <\/span><a href=\"https:\/\/eur-lex.europa.eu\/legal-content\/HU\/TXT\/HTML\/?uri=CELEX:32016R0679&amp;from=HU\"><span style=\"font-weight: 400;\">itt<\/span><\/a><span style=\"font-weight: 400;\">.<\/span><\/p>\n<p><span style=\"font-weight: 400;\">A V\u00e1llalat t\u00e1pl\u00e1l\u00e9kkieg\u00e9sz\u00edt\u0151 term\u00e9kek, sportol\u00f3k sz\u00e1m\u00e1ra k\u00e9sz\u00fclt sport\u00f6lt\u00f6z\u00e9kek, valamint tov\u00e1bbi sport kieg\u00e9sz\u00edt\u0151k elad\u00e1s\u00e1val \u00e9s forgalmaz\u00e1s\u00e1val foglalkozik (a tov\u00e1bbiakban: Szolg\u00e1ltat\u00e1sok) a <\/span><a href=\"http:\/\/www.nugosu.gg\"><span style=\"font-weight: 400;\">www.nugosu.gg<\/span><\/a><span style=\"font-weight: 400;\"> weboldalon (a tov\u00e1bbiakban: Weboldal).\u00a0\u00a0\u00a0\u00a0<\/span><\/p>\n<p><span style=\"font-weight: 400;\">Az al\u00e1bbi szem\u00e9lyes adatokat (a tov\u00e1bbiakban: Szem\u00e9lyes adatok) kezelj\u00fck annak f\u00fcggv\u00e9ny\u00e9ben, hogy milyen m\u00f3don \u00e9s milyen terjedelemben haszn\u00e1lj\u00e1k a Weboldalunkat \u00e9s\/ vagy a Szolg\u00e1ltat\u00e1sainkat:\u00a0\u00a0\u00a0\u00a0<\/span><\/p>\n<ol>\n<li><b> A regisztr\u00e1ci\u00f3hoz \u00e9s a Weboldalhoz val\u00f3 kapcsol\u00f3d\u00e1shoz n\u00e9lk\u00fcl\u00f6zhetetlen inform\u00e1ci\u00f3k<\/b><\/li>\n<\/ol>\n<p><span style=\"font-weight: 400;\">A Weboldalunkon t\u00f6rt\u00e9n\u0151 regisztr\u00e1ci\u00f3, \u00e9s az ezt k\u00f6vet\u0151 Weboldalunkon t\u00f6rt\u00e9n\u0151 bejelentkez\u00e9s c\u00e9lj\u00e1b\u00f3l, valamint a szem\u00e9lyre szabott szolg\u00e1ltat\u00e1sokhoz val\u00f3 hozz\u00e1f\u00e9r\u00e9s miatt a k\u00f6vetkez\u0151 szem\u00e9lyes adatokat dolgozzuk fel: (i) az \u00d6n keresztneve, (ii) csal\u00e1dneve \u00e9s (iii) e-mail c\u00edme.<\/span><\/p>\n<p><span style=\"font-weight: 400;\">Ezen adatok feldolgoz\u00e1sa n\u00e9lk\u00fcl\u00f6zhetetlen az \u00d6n \u00e9s a k\u00f6z\u00f6tt\u00fcnk l\u00e9trej\u00f6v\u0151 szerz\u0151d\u00e9s rendelkez\u00e9seinek teljes\u00edt\u00e9se. Az eml\u00edtett adatok kezel\u00e9s\u00e9nek jogalapja a GDPR 6. cikk (1) bekezd\u00e9s\u00e9nek b) pontja.<\/span><\/p>\n<ol start=\"2\">\n<li><b> A Szolg\u00e1ltat\u00e1sok teljes\u00edt\u00e9s\u00e9hez sz\u00fcks\u00e9ges adatok<\/b><\/li>\n<\/ol>\n<p><span style=\"font-weight: 400;\">Szolg\u00e1ltat\u00e1saink ny\u00fajt\u00e1s\u00e1nak (teh\u00e1t az \u00d6n \u00e1ltal megrendelt term\u00e9kek kisz\u00e1ll\u00edt\u00e1sa \/ az \u00d6n \u00e1ltal megv\u00e1s\u00e1rolt szolg\u00e1ltat\u00e1s ny\u00fajt\u00e1sa) c\u00e9lj\u00e1b\u00f3l a k\u00f6vetkez\u0151 szem\u00e9lyes adatokat dolgozzuk fel: (i) az \u00d6n keresztneve, (ii) csal\u00e1dneve, (iii) c\u00edme, (iv) e-mail c\u00edme, (v) telefonsz\u00e1ma.\u00a0<\/span><\/p>\n<p><span style=\"font-weight: 400;\">Az al\u00e1bbi adatok feldolgoz\u00e1sa n\u00e9lk\u00fcl\u00f6zhetetlen az \u00d6n \u00e9s k\u00f6z\u00f6tt\u00fcnk l\u00e9trej\u00f6tt szerz\u0151d\u00e9s teljes\u00edt\u00e9se \u00e9rdek\u00e9ben. Az eml\u00edtett adatok kezel\u00e9s\u00e9nek jogalapja a GDPR 6. cikk (1) bekezd\u00e9s\u00e9nek (b) pontja.\u00a0<\/span><\/p>\n<ol start=\"3\">\n<li><b> Marketing c\u00e9l\u00fa adatkezel\u00e9s<\/b><\/li>\n<\/ol>\n<p><span style=\"font-weight: 400;\">A h\u00edrleveleinkre val\u00f3 feliratkoz\u00e1s \u00e9s\/ vagy sz\u00f3r\u00f3lapok, kedvezm\u00e9nyeinkr\u0151l sz\u00f3l\u00f3 inform\u00e1ci\u00f3k, friss\u00edt\u00e9sek, m\u00f3dos\u00edt\u00e1sok \u00e9s aj\u00e1nlatok, valamint egy\u00e9b marketinges anyagokr\u00f3l sz\u00f3l\u00f3 e-mailek, SMS \u00fczenetek, vagy postai k\u00fcldem\u00e9nyek \u00e9s\/ vagy \u00e9rtes\u00edt\u00e9sek k\u00fcld\u00e9s\u00e9hez felhaszn\u00e1ljuk az \u00d6n: (i) keresztnev\u00e9t, (ii) csal\u00e1dnev\u00e9t, (iii) e-mail c\u00edm\u00e9t, (iv) telefonsz\u00e1m\u00e1t \u00e9s (v) c\u00edm\u00e9t.<\/span><\/p>\n<p><span style=\"font-weight: 400;\">Ezen szem\u00e9lyes adatokat az \u00d6n hozz\u00e1j\u00e1rul\u00e1sa eset\u00e9n dolgozzuk fel, amelynek jogalapja a GDPR 6. cikk (1) bekezd\u00e9s\u00e9nek a) pontja.<\/span><\/p>\n<p><span style=\"font-weight: 400;\">Ha \u00fagy d\u00f6nt, hogy a tov\u00e1bbiakban nem szeretne ilyen \u00fczeneteket kapni, visszavonhatja beleegyez\u00e9s\u00e9t az e-mailen k\u00fcld\u00f6tt h\u00edrlev\u00e9lben l\u00e9v\u0151 leiratkoz\u00f3 linkre kattintva.<\/span><\/p>\n<p><span style=\"font-weight: 400;\">A hozz\u00e1j\u00e1rul\u00e1s visszavon\u00e1s\u00e1nak k\u00f6vetkezm\u00e9nye, hogy a tov\u00e1bbiakban nem k\u00fcld\u00fcnk \u00fczeneteket kedvezm\u00e9nyeinkr\u0151l, friss\u00edt\u00e9seinkr\u0151l, m\u00f3dos\u00edt\u00e1sainkr\u00f3l \u00e9s aj\u00e1nlatainkr\u00f3l.\u00a0<\/span><\/p>\n<p><span style=\"font-weight: 400;\">Nem lehets\u00e9ges a hozz\u00e1j\u00e1rul\u00e1s visszavon\u00e1sa azon e-mailek tekintet\u00e9ben, melyek a Szolg\u00e1ltat\u00e1sok ny\u00fajt\u00e1s\u00e1val kapcsolatos inform\u00e1ci\u00f3kat tartalmazz\u00e1k \u00e9s amelyet a szerz\u0151d\u00e9s teljes\u00edt\u00e9se \u00e9rdek\u00e9ben kezel\u00fcnk.\u00a0\u00a0\u00a0\u00a0\u00a0<\/span><\/p>\n<ol start=\"4\">\n<li><b> Weboldalunk haszn\u00e1lata k\u00f6zben szerzett adatok<\/b><\/li>\n<\/ol>\n<p><span style=\"font-weight: 400;\">A Szolg\u00e1ltat\u00e1saink folyamatos fejleszt\u00e9se, valamint a felhaszn\u00e1l\u00f3i \u00e9lm\u00e9ny jav\u00edt\u00e1sa \u00e9rdek\u00e9ben a Weboldalunk haszn\u00e1lata k\u00f6zben feldolgozzuk azon inform\u00e1ci\u00f3kat, melyek a k\u00f6vetkez\u0151 adatokat tartalmazz\u00e1k: (i) az \u00d6n sz\u00e1m\u00edt\u00f3g\u00e9pe, (ii) l\u00e1togat\u00e1sa, vagy a Weboldalunk \u00e9s\/ vagy Szolg\u00e1ltat\u00e1saink haszn\u00e1lata (bele\u00e9rtve az \u00d6n IP c\u00edm\u00e9t, geogr\u00e1fiai hely\u00e9t, a b\u00f6ng\u00e9sz\u0151 t\u00edpus\u00e1t \u00e9s verzi\u00f3j\u00e1t\/ oper\u00e1ci\u00f3s rendszer\u00e9t, forr\u00e1s linket, a l\u00e1togatott oldalak megtekint\u00e9s\u00e9nek idej\u00e9t \u00e9s a Weboldalunkon t\u00f6rt\u00e9n\u0151 mozg\u00e1s\u00e1t, vagy b\u00e1rmilyen hasonl\u00f3 inform\u00e1ci\u00f3t, melyeket a V\u00e1llalat k\u00f6zvetlen\u00fcl, vagy k\u00f6zvetett m\u00f3don megszerezhet egy harmadik szolg\u00e1ltat\u00f3 oldalt\u00f3l), (iii) Weboldalunk vagy Szolg\u00e1ltat\u00e1sunk haszn\u00e1lata k\u00f6zben gener\u00e1lt inform\u00e1ci\u00f3k (bele\u00e9rtve az id\u0151beli beoszt\u00e1st, a Weboldalunk haszn\u00e1lat\u00e1nak gyakoris\u00e1g\u00e1t \u00e9s k\u00e9plet\u00e9t).<\/span><\/p>\n<p><span style=\"font-weight: 400;\">Ezen szem\u00e9lyes adatokat az \u00d6n hozz\u00e1j\u00e1rul\u00e1sa eset\u00e9n dolgozzuk fel, amelynek jogalapja a GDPR 6. cikk (1) bekezd\u00e9s\u00e9nek a) pontja<\/span><\/p>\n<ol start=\"5\">\n<li><b> Az \u00d6n kommentje \/ \u00e9rt\u00e9kel\u00e9se k\u00f6vetkezt\u00e9ben szerzett adatok<\/b><\/li>\n<\/ol>\n<p><span style=\"font-weight: 400;\">\u00e9rt\u00e9kel\u00e9s, vagy komment\u00e1r megoszt\u00e1sa c\u00e9lj\u00e1b\u00f3l a Weboldalunkon olyan szem\u00e9lyes adatokat kezel\u00fcnk, melyek az \u00e9rt\u00e9kel\u00e9ssel\/ komment\u00e1rral egy\u00fctt a ker\u00fclnek megoszt\u00e1sra. Ezen adatok a k\u00f6vetkez\u0151k: (i) n\u00e9v, (csal\u00e1dn\u00e9v), (ii) felhaszn\u00e1l\u00f3 n\u00e9v, melyet a kommenthez\/ \u00e9rt\u00e9kel\u00e9shez adnak meg \u00e9s (iii) b\u00e1rmilyen m\u00e1s adat, amelyet \u00d6n\u00f6k megosztanak az \u00e9rt\u00e9kel\u00e9sben\/ komment\u00e1rban.<\/span><\/p>\n<p><span style=\"font-weight: 400;\">Ezen szem\u00e9lyes adatokat az \u00d6n hozz\u00e1j\u00e1rul\u00e1sa eset\u00e9n dolgozzuk fel, amelynek jogalapja a GDPR 6. cikk (1) bekezd\u00e9s\u00e9nek a) pontja.<\/span><\/p>\n<ol start=\"6\">\n<li><b> A vel\u00fcnk t\u00f6rt\u00e9n\u0151 kommunik\u00e1ci\u00f3 k\u00f6zben szerzett adatok<\/b><\/li>\n<\/ol>\n<p><span style=\"font-weight: 400;\">A vel\u00fcnk t\u00f6rt\u00e9n\u0151 kommunik\u00e1ci\u00f3 \u00e9rdek\u00e9ben &#8211; t\u00f6rt\u00e9njen az b\u00e1rmilyen okb\u00f3l (p\u00e9ld\u00e1ul seg\u00edts\u00e9gny\u00fajt\u00e1s a Weboldal haszn\u00e1lat\u00e1ban, reklam\u00e1ci\u00f3, b\u00e1rmilyen probl\u00e9ma megold\u00e1sa stb.) &#8211; a k\u00f6vetkez\u0151 szem\u00e9lyes adatokat dolgozzuk fel: (i) az \u00d6n neve, (ii) csal\u00e1dneve, (iii) c\u00edme, (iv) e-mail c\u00edme, (v) telefonsz\u00e1ma, (vi) kommunik\u00e1ci\u00f3s tartalom, (vii) a kommunik\u00e1ci\u00f3val kapcsolatos meta adatok \u00e9s (viii) b\u00e1rmilyen m\u00e1s n\u00e9lk\u00fcl\u00f6zhetetlen inform\u00e1ci\u00f3, melyeket \u00d6n megoszt vel\u00fcnk.<\/span><\/p>\n<p><span style=\"font-weight: 400;\">Ezen adatok feldolgoz\u00e1sa n\u00e9lk\u00fcl\u00f6zhetetlen az \u00d6n \u00e9s a k\u00f6z\u00f6tt\u00fcnk l\u00e9trej\u00f6v\u0151 szerz\u0151d\u00e9s betart\u00e1sa \u00e9rdek\u00e9ben. Az eml\u00edtett adatok kezel\u00e9s\u00e9nek jogalapja \u00edgy a GDPR 6. cikk (1) bekezd\u00e9s\u00e9nek b) pontja.\u00a0\u00a0\u00a0\u00a0<\/span><\/p>\n<ol start=\"7\">\n<li><b> Egy\u00e9b<\/b><\/li>\n<\/ol>\n<p><span style=\"font-weight: 400;\">A fent eml\u00edtetteken k\u00edv\u00fcl a kezelj\u00fck szem\u00e9lyes adatait, amennyiben az jogi k\u00f6telezetts\u00e9g\u00fcnk teljes\u00edt\u00e9s\u00e9hez (GDPR 6. cikk (1) bekezd\u00e9s\u00e9nek c) pont), az \u00e9rintett vagy egy m\u00e1sik term\u00e9szetes szem\u00e9ly l\u00e9tfontoss\u00e1g\u00fa \u00e9rdekeinek v\u00e9delme miatt (GDPR 6. cikk (1) bekezd\u00e9s\u00e9nek d) pont) illetve az adatkezel\u0151 vagy egy harmadik f\u00e9l jogos \u00e9rdekeinek \u00e9rv\u00e9nyes\u00edt\u00e9s\u00e9hez sz\u00fcks\u00e9ges (GDPR 6. cikk (1) bekezd\u00e9s\u00e9nek f) pont).<\/span><\/p>\n<p><span style=\"font-weight: 400;\">Az \u00d6n szem\u00e9lyes adatait kiz\u00e1r\u00f3lag a hat\u00e1lyos jogszab\u00e1lyok szerint kezelj\u00fck \u00e9s meg\u00f3vjuk azokat az esetleges vissza\u00e9l\u00e9sekt\u0151l, illetve jogellenes k\u00f6zz\u00e9t\u00e9telt\u0151l.<\/span><\/p>\n<p><span style=\"font-weight: 400;\">A fent eml\u00edtetteken k\u00edv\u00fcl jogunkban \u00e1ll az \u00d6n\u00f6k Szem\u00e9lyes adatait felhaszn\u00e1lni a jogi k\u00f6teless\u00e9geink betart\u00e1sa \u00e9rdek\u00e9ben a GDPR 6. cikkely 1. bekezd\u00e9s\u00e9nek (c) alapj\u00e1n, vagy a mi felhatalmazott \u00e9rdekeink v\u00e9delm\u00e9re a 6. cikkely 1. bekezd\u00e9s\u00e9nek (f) szerint, p\u00e9ld\u00e1ul a csal\u00e1sok megel\u0151z\u00e9se, a h\u00e1l\u00f3zat biztons\u00e1ga \u00e9s a k\u00f6zvetlen marketing \u00e9rdek\u00e9ben.<\/span><\/p>\n<p><span style=\"font-weight: 400;\">Az \u00d6n szem\u00e9lyes adatait az \u00e9rv\u00e9nyes jogi el\u0151\u00edr\u00e1sok szerint fogjuk feldolgozni \u00e9s meg\u00f3vjuk azokat a vissza\u00e9l\u00e9sekt\u0151l \u00e9s\/ vagy a jogellenes k\u00f6zz\u00e9t\u00e9telt\u0151l.<\/span><\/p>\n<p><span style=\"font-weight: 400;\">V\u00e1llalatunk adatkezel\u00e9s\u00e9t saj\u00e1t maga l\u00e1tja el, ennek \u00e9rdek\u00e9ben igyekszik a lehet\u0151 legalacsonyabb szinten tartani az adatkezel\u00e9sbe bevont szerz\u0151d\u00f6tt partnerek sz\u00e1m\u00e1t, azaz adatfeldolgoz\u00f3 ig\u00e9nybe v\u00e9tel\u00e9t. Adatfeldolgoz\u00f3 bevon\u00e1sakor, ezzel az adatfeldolgoz\u00f3val meg\u00e1llapod\u00e1st k\u00f6t\u00fcnk \u00e9s az adatfeldolgoz\u00f3 szem\u00e9ly\u00e9r\u0151l \u00e9s az \u00e1ltal v\u00e9gzett tev\u00e9kenys\u00e9g\u00e9r\u0151l a jelen dokumentumban \u00d6nt t\u00e1j\u00e9koztatjuk.<\/span><\/p>\n<p><span style=\"font-weight: 400;\">Az adatkezel\u0151vel egy\u00fctt az adatfeldolgoz\u00f3k, mint k\u00fcls\u0151 szolg\u00e1ltat\u00f3k is hozz\u00e1f\u00e9rhetnek az \u00d6n adataihoz, amelyek seg\u00edts\u00e9get ny\u00fajtanak szolg\u00e1ltat\u00e1saink ny\u00fajt\u00e1s\u00e1ban. Bizonyos esetekben harmadik felek, p\u00e9ld\u00e1ul hat\u00f3s\u00e1gok, k\u00fcls\u0151 tan\u00e1csad\u00f3k vagy \u00fczleti partnerek kaphatj\u00e1k meg az \u00d6n adatait, olyan m\u00e9rt\u00e9kben, amely az \u00c1ltal\u00e1nos Szerz\u0151d\u00e9si Felt\u00e9teleinkben tal\u00e1lhat\u00f3 c\u00e9lok el\u00e9r\u00e9s\u00e9hez sz\u00fcks\u00e9ges.\u00a0<\/span><\/p>\n<p><span style=\"font-weight: 400;\">K\u00fcl\u00f6n\u00f6sen ez t\u00f6rt\u00e9nhet a k\u00f6vetkez\u0151 szervezetek eset\u00e9ben:<\/span><\/p>\n<p><span style=\"font-weight: 400;\">(i) Bankk\u00e1rty\u00e1s fizet\u00e9s feldolgoz\u00e1sa c\u00e9lj\u00e1b\u00f3l az \u00d6n neve \u00e9s e-mail c\u00edme Global Payments s.r.o. (1117 Budapest, Okt\u00f3ber huszonharmadika utca 8-10. IV. em. 415.) r\u00e9sz\u00e9re ker\u00fcl \u00e1tad\u00e1sra.<\/span><\/p>\n<p><span style=\"font-weight: 400;\">(ii) Adatt\u00e1rol\u00e1si c\u00e9lb\u00f3l szem\u00e9lyes adatait a Websupport s.r.o., (Karad\u017ei\u010dova 12, 821 08 Bratislava, Szlov\u00e1kia, <\/span><a href=\"mailto:helpdesk@websupport.sk\"><span style=\"font-weight: 400;\">helpdesk@websupport.sk<\/span><\/a><span style=\"font-weight: 400;\"> ) r\u00e9sz\u00e9re adjuk \u00e1t.<\/span><\/p>\n<p><span style=\"font-weight: 400;\">(iii) Fuvaroz\u00e1si c\u00e9lb\u00f3l az \u00d6n neve \u00e9s sz\u00e1ll\u00edt\u00e1si c\u00edme, e-mail c\u00edme \u00e9s telefonsz\u00e1ma \u00e1tad\u00e1sra ker\u00fcl a GLS General Logistics Systems Hungary Csomag- Logisztikai Kft., (GLS Eur\u00f3pa u.2., 2351 Als\u00f3n\u00e9medi) r\u00e9sz\u00e9re.<\/span><\/p>\n<p><span style=\"font-weight: 400;\">(iv) Meta Platforms Ireland Limited, 4 Grand Canal Square, Grand Canal Harbour, Dublin, D02X525, Ireland<\/span><\/p>\n<p><span style=\"font-weight: 400;\">(v) Google Ireland Limited, Gordon House, Barrow Street, Dublin 4, Ireland<\/span><\/p>\n<p><span style=\"font-weight: 400;\">(vi) TikTok Inc., Culver City,Bristol Pkwy 5800, United States<\/span><\/p>\n<p><span style=\"font-weight: 400;\">Tov\u00e1bb\u00e1 az \u00d6n szem\u00e9lyes adatait megadhatjuk harmadik szem\u00e9lyeknek: (i) az el\u0151\u00edrt jogi el\u0151\u00edr\u00e1sok teljes\u00edt\u00e9se \u00e9rdek\u00e9ben (ii) b\u00e1rmilyen folyamatban l\u00e9v\u0151, vagy j\u00f6vend\u0151beli jogi elj\u00e1r\u00e1sokkal \u00f6sszef\u00fcgg\u00e9sben vagy (iii) jogaink v\u00e9delme \u00e9rdek\u00e9ben (bele\u00e9rtve az \u00d6n\u00f6k Szem\u00e9lyes adatainak megoszt\u00e1s\u00e1t harmadik f\u00e9llel a csal\u00e1sok \u00e9s a fizet\u00e9ssel kapcsolatos kock\u00e1zatok elker\u00fcl\u00e9se \u00e9rdek\u00e9ben).<\/span><\/p>\n<p><span style=\"font-weight: 400;\">Megoszthatunk olyan inform\u00e1ci\u00f3kat, melyek alapj\u00e1n nem lehet \u00d6nt, mint \u00e9rintettet azonos\u00edtani (ez alatt \u00e9rtj\u00fck a Weboldalunk haszn\u00e1lat\u00e1val kapcsolatos anonim inform\u00e1ci\u00f3kat \u00e9s\/ vagy Szolg\u00e1ltat\u00e1sokat, hivatkoz\u00e1sok\/ kimeneti oldalak \u00e9s URL c\u00edmek, platform t\u00edpusok, klikkel\u00e9sek sz\u00e1ma stb.) harmadik oldal\u00fa szem\u00e9lyekkel, melyek ig\u00e9nylik az ilyen jelleg\u0171 inform\u00e1ci\u00f3kat, bizonyos szolg\u00e1ltat\u00e1sok kihaszn\u00e1l\u00e1s\u00e1nak m\u00f3dj\u00e1nak meg\u00e9rt\u00e9se \u00e9rdek\u00e9ben.<\/span><\/p>\n<p><span style=\"font-weight: 400;\">Az \u00d6n szem\u00e9lyes adatait, amelyek alapj\u00e1n az \u00d6n szem\u00e9lye beazonos\u00edthat\u00f3, vagy lokaliz\u00e1lhat\u00f3, k\u00f6zvetlen marketing c\u00e9lokra nem adjuk \u00e1t harmadik szem\u00e9lyekkel.<\/span><\/p>\n<p><span style=\"font-weight: 400;\">K\u00fcls\u0151, harmadik szem\u00e9lyek sz\u00e1m\u00e1ra lehet\u0151v\u00e9 tehetj\u00fck a Weboldalunkon a rekl\u00e1mok \u00e9s a marketinges inform\u00e1ci\u00f3k megoszt\u00e1s\u00e1t. Az ilyen harmadik oldalak olyan technol\u00f3gi\u00e1t haszn\u00e1lnak, mely k\u00f6zvetlen\u00fcl az \u00d6n b\u00f6ng\u00e9sz\u0151j\u00e9be k\u00fcldi az aj\u00e1nlatokat, vagy az aj\u00e1nlatok linkjeit, melyek azt\u00e1n \u00fagy jelennek meg, mint a b\u00f6ng\u00e9szett weboldal r\u00e9szei. Ilyen esetben automatikusan inform\u00e1ci\u00f3t kapnak az \u00d6n IP c\u00edm\u00e9r\u0151l. Felhaszn\u00e1lhatnak m\u00e1s technol\u00f3gi\u00e1kat is (pl. cookie-k, JavaScript vagy web beacons), melyek m\u00e9rik a rekl\u00e1mok hat\u00e1soss\u00e1g\u00e1t \u00e9s szint\u00e9n szem\u00e9lyre szabj\u00e1k az \u00d6n sz\u00e1m\u00e1ra megjelen\u00edtend\u0151 rekl\u00e1mokat. Ilyen harmadik oldalaknak nem adunk meg inform\u00e1ci\u00f3kat, melyek lehet\u0151v\u00e9 tenn\u00e9k sz\u00e1mukra az \u00edgy szerzett adatok szem\u00e9lyre szab\u00e1s\u00e1t. K\u00e9rem, vegy\u00e9k figyelembe, hogy ha a rekl\u00e1moz\u00f3 arra k\u00e9r minket, hogy bizonyos v\u00e1s\u00e1rl\u00f3csoporttal osszuk meg a rekl\u00e1mot, \u00e9s \u00d6n reag\u00e1l az ilyen t\u00edpus\u00fa rekl\u00e1mra, az ilyen rekl\u00e1moz\u00f3, vagy rekl\u00e1mszerver azt k\u00f6vetkeztetheti ki, hogy \u00d6n olyan csoportba tartozik, melyet a c\u00e9g szeretne megsz\u00f3l\u00edtani. Az ilyen felt\u00e9telek c\u00e9lja nem az, hogy szab\u00e1lyozza az \u00d6n\u00f6k kapcsolat\u00e1t b\u00e1rmilyen harmadik oldallal, mely felhaszn\u00e1lja a fentiekben eml\u00edtett technol\u00f3gi\u00e1kat. T\u00f6bb inform\u00e1ci\u00f3\u00e9rt k\u00e9rem, olvass\u00e1k el az ilyen rekl\u00e1moz\u00f3k szem\u00e9lyes adatainak felhaszn\u00e1l\u00e1s\u00e1nak szab\u00e1lyait.<\/span><\/p>\n<p><span style=\"font-weight: 400;\">Az \u00d6n szem\u00e9lyes adat\u00e1t kiz\u00e1r\u00f3lag EGT (Eur\u00f3pai Gazdas\u00e1gi T\u00e9rs\u00e9g, azaz EU \u00e9s Izland, Norv\u00e9gia, Liechtenstein) \u00e1llamokon bel\u00fcl elhelyezett szervereken t\u00e1roljuk. Az \u00d6n szem\u00e9lyes adat\u00e1t V\u00e1llalatunk saj\u00e1t, illetve megb\u00edzott adatfeldolgoz\u00f3ja \u00e1ltal \u00fczemeltetett szervereken t\u00e1rolja.\u00a0<\/span><\/p>\n<p><span style=\"font-weight: 400;\">Az adatok a jogszab\u00e1lyi k\u00f6vetelm\u00e9nyek betart\u00e1s\u00e1val ker\u00fclnek tov\u00e1bb\u00edt\u00e1sra harmadik orsz\u00e1gokba. Kiv\u00e9tel n\u00e9lk\u00fcl csak akkor tov\u00e1bb\u00edtjuk Szem\u00e9lyes adatait egy harmadik orsz\u00e1gba, ha az a GDPR 45. cikke szerinti megfelel\u0151s\u00e9gi hat\u00e1rozat vagy 46. cikk szerinti megfelel\u0151s\u00e9gi garanci\u00e1k alapj\u00e1n t\u00f6rt\u00e9nik.<\/span><\/p>\n<p><span style=\"font-weight: 400;\">Ha az adatkezel\u00e9sre vonatkoz\u00f3 jogszab\u00e1lyok m\u00e1sk\u00e9pp nem rendelkeznek, az \u00d6n szem\u00e9lyes adatait addig kezelj\u00fck, am\u00edg az az \u00d6nnel k\u00f6t\u00f6tt szerz\u0151d\u00e9s\u00fcnk vagy az \u00c1SZF-ben foglalt c\u00e9ljaink el\u00e9r\u00e9s\u00e9hez sz\u00fcks\u00e9ges \u00e9s ar\u00e1nyos. ez mag\u00e1ban foglalhatja p\u00e9ld\u00e1ul azt az id\u0151szakot, mely alatt \u00d6n l\u00e1togatja a Weboldalunkat, haszn\u00e1lja Szolg\u00e1ltat\u00e1sainkat. Az al\u00e1bbi esetekben ez a k\u00f6vetkez\u0151 id\u0151tartamokat jelenti:\u00a0\u00a0\u00a0\u00a0\u00a0<\/span><\/p>\n<ul>\n<li style=\"font-weight: 400;\" aria-level=\"1\"><span style=\"font-weight: 400;\">A regisztr\u00e1ci\u00f3hoz \u00e9s a Weboldalunkhoz t\u00f6rt\u00e9n\u0151 csatlakoz\u00e1shoz n\u00e9lk\u00fcl\u00f6zhetetlen inform\u00e1ci\u00f3kat az \u00d6n Weboldalunkon t\u00f6rt\u00e9n\u0151 regisztr\u00e1ci\u00f3j\u00e1nak napj\u00e1t\u00f3l kezdve kezelj\u00fck a regisztr\u00e1ci\u00f3 megsz\u00fcntet\u00e9s\u00e9t\u0151l sz\u00e1m\u00edtott 5 \u00e9vig. Ebben az id\u0151szakban az adatokat kiz\u00e1r\u00f3lag a k\u00f6zt\u00fcnk l\u00e9v\u0151 szerz\u0151d\u00e9ses kapcsolat al\u00e1t\u00e1maszt\u00e1s\u00e1ra \u00e9s jog\u00e9rv\u00e9nyes\u00edt\u00e9s \u00e9rdek\u00e9ben haszn\u00e1ljuk fel.<\/span><\/li>\n<li style=\"font-weight: 400;\" aria-level=\"1\"><span style=\"font-weight: 400;\">A Szolg\u00e1ltat\u00e1saink ny\u00fajt\u00e1s\u00e1hoz n\u00e9lk\u00fcl\u00f6zhetetlen inform\u00e1ci\u00f3kat (a term\u00e9k kisz\u00e1ll\u00edt\u00e1sa \u00e9s az \u00e1r megfizet\u00e9se, sz\u00e1ml\u00e1z\u00e1si adatok) a Szolg\u00e1ltat\u00e1s megrendel\u00e9s\u00e9nek napj\u00e1t\u00f3l kezelj\u00fck, jogszab\u00e1lyokban meghat\u00e1rozott ideig, de legfeljebb 10 \u00e9vig.\u00a0\u00a0\u00a0\u00a0\u00a0<\/span><\/li>\n<li style=\"font-weight: 400;\" aria-level=\"1\"><span style=\"font-weight: 400;\">Marketinges c\u00e9lokra gy\u0171jt\u00f6tt adatokat az \u00d6n hozz\u00e1j\u00e1rul\u00e1s\u00e1nak megad\u00e1s\u00e1t\u00f3l kezdve az ilyen hozz\u00e1j\u00e1rul\u00e1s visszavon\u00e1s\u00e1nak napj\u00e1ig, vagy a weboldalon t\u00f6rt\u00e9n\u0151 regisztr\u00e1ci\u00f3j\u00e1nak megsz\u00fcntet\u00e9s\u00e9ig kezelj\u00fck.\u00a0\u00a0\u00a0\u00a0\u00a0\u00a0<\/span><\/li>\n<li style=\"font-weight: 400;\" aria-level=\"1\"><span style=\"font-weight: 400;\">A Weboldalunk haszn\u00e1lata k\u00f6zben gy\u0171jt\u00f6tt adatokat az \u00d6n hozz\u00e1j\u00e1rul\u00e1s\u00e1nak megad\u00e1s\u00e1t\u00f3l kezdve az ilyen hozz\u00e1j\u00e1rul\u00e1s visszavon\u00e1s\u00e1nak napj\u00e1ig, vagy a weboldalon t\u00f6rt\u00e9n\u0151 regisztr\u00e1ci\u00f3j\u00e1nak megsz\u00fcntet\u00e9s\u00e9ig kezelj\u00fck.<\/span><\/li>\n<li style=\"font-weight: 400;\" aria-level=\"1\"><span style=\"font-weight: 400;\">A kommentek vagy \u00e9rt\u00e9kel\u00e9sek k\u00f6zz\u00e9t\u00e9tel\u00e9hez sz\u00fcks\u00e9ges adatokat az \u00d6n hozz\u00e1j\u00e1rul\u00e1s\u00e1nak megad\u00e1s\u00e1t\u00f3l kezdve az ilyen hozz\u00e1j\u00e1rul\u00e1s visszavon\u00e1s\u00e1nak napj\u00e1ig, vagy a weboldalon t\u00f6rt\u00e9n\u0151 regisztr\u00e1ci\u00f3j\u00e1nak megsz\u00fcntet\u00e9s\u00e9ig kezelj\u00fck.\u00a0\u00a0\u00a0\u00a0\u00a0<\/span><\/li>\n<li style=\"font-weight: 400;\" aria-level=\"1\"><span style=\"font-weight: 400;\">A vel\u00fcnk t\u00f6rt\u00e9n\u0151 kommunik\u00e1ci\u00f3 k\u00f6zben szerzett inform\u00e1ci\u00f3kat a megszerz\u00e9s napj\u00e1t\u00f3l az e-mailes kommunik\u00e1ci\u00f3b\u00f3l felmer\u00fcl\u0151 k\u00e9r\u00e9s teljes\u00edt\u00e9s\u00e9nek napj\u00e1ig haszn\u00e1ljuk fel.<\/span><\/li>\n<\/ul>\n<p><span style=\"font-weight: 400;\">Bizonyos esetekben Jogunkban \u00e1ll az \u00d6n szem\u00e9lyes adatait a fentiekben eml\u00edtett id\u0151n\u00e9l tov\u00e1bb is kezelni, ha az t\u00f6rv\u00e9nyi k\u00f6teless\u00e9geink teljes\u00edt\u00e9s\u00e9hez vagy jogos \u00e9rdekeink v\u00e9delm\u00e9hez sz\u00fcks\u00e9ges \u00e9s ar\u00e1nyos.\u00a0\u00a0\u00a0\u00a0\u00a0\u00a0<\/span><\/p>\n<p><span style=\"font-weight: 400;\">Az adatkezel\u00e9shez val\u00f3 hozz\u00e1j\u00e1rul\u00e1s\u00e1t b\u00e1rmikor visszavonhatja saj\u00e1t d\u00f6nt\u00e9sre hivatkozva leiratkoz\u00f3 link seg\u00edts\u00e9g\u00e9vel, vagy e-mail \u00fatj\u00e1n az al\u00e1bbi el\u00e9rhet\u0151s\u00e9geken: nugosu@nugosu.gg. Felh\u00edvjuk figyelm\u00e9t, hogy a hozz\u00e1j\u00e1rul\u00e1s visszavon\u00e1sa nem \u00e9rinti a hozz\u00e1j\u00e1rul\u00e1son alapul\u00f3, a visszavon\u00e1s el\u0151tti adatkezel\u00e9s jogszer\u0171s\u00e9g\u00e9t.\u00a0\u00a0<\/span><\/p>\n<p><span style=\"font-weight: 400;\">A GDPR \u00e9rtelm\u00e9ben az \u00e9rintettek a k\u00f6vetkez\u0151 jogokkal rendelkeznek:\u00a0<\/span><\/p>\n<p><span style=\"font-weight: 400;\">Hozz\u00e1f\u00e9r\u00e9si jog \u2013 Az \u00e9rintett jogosult arra, hogy az adatkezel\u0151t\u0151l visszajelz\u00e9st kapjon arra vonatkoz\u00f3an, hogy szem\u00e9lyes adatainak kezel\u00e9se folyamatban van-e, \u00e9s ha ilyen adatkezel\u00e9s folyamatban van, jogosult arra, hogy a szem\u00e9lyes adatokhoz \u00e9s a az erre vonatkoz\u00f3 tov\u00e1bbi inform\u00e1ci\u00f3khoz hozz\u00e1f\u00e9r\u00e9st kapjon.\u00a0<\/span><\/p>\n<p><span style=\"font-weight: 400;\">Helyesb\u00edt\u00e9shez val\u00f3 jog \u2013 Az \u00e9rintett jogosult arra, hogy k\u00e9r\u00e9s\u00e9re az adatkezel\u0151 indokolatlan k\u00e9sedelem n\u00e9lk\u00fcl helyesb\u00edtse a r\u00e1 vonatkoz\u00f3 pontatlan szem\u00e9lyes adatokat.\u00a0<\/span><\/p>\n<p><span style=\"font-weight: 400;\">T\u00f6rl\u00e9shez val\u00f3 jog \u2013 Az \u00e9rintett jogosult arra, hogy k\u00e9r\u00e9s\u00e9re az adatkezel\u0151 indokolatlan k\u00e9sedelem n\u00e9lk\u00fcl t\u00f6r\u00f6lje a r\u00e1 vonatkoz\u00f3 szem\u00e9lyes adatokat, p\u00e9ld\u00e1ul, ha a szem\u00e9lyes adatokra m\u00e1r nincs sz\u00fcks\u00e9g abb\u00f3l a c\u00e9lb\u00f3l, amelyb\u0151l azokat gy\u0171jt\u00f6tt\u00e9k vagy m\u00e1s m\u00f3don kezelt\u00e9k \u00e9s a feldolgoz\u00e1snak m\u00e1s jogalapja nincsen, vagy ha a szem\u00e9lyes adatokat jogellenesen kezelt\u00e9k.\u00a0<\/span><\/p>\n<p><span style=\"font-weight: 400;\">Adatkezel\u00e9s korl\u00e1toz\u00e1s\u00e1hoz val\u00f3 jog \u2013 Az \u00e9rintett jogosult arra, hogy k\u00e9r\u00e9s\u00e9re az adatkezel\u0151 korl\u00e1tozza az adatkezel\u00e9st, ha p\u00e9ld\u00e1ul az \u00e9rintett vitatja a szem\u00e9lyes adatok pontoss\u00e1g\u00e1t.\u00a0\u00a0<\/span><\/p>\n<p><span style=\"font-weight: 400;\">Az adathordozhat\u00f3s\u00e1ghoz val\u00f3 jog \u2013 Az \u00e9rintett jogosult arra, hogy a r\u00e1 vonatkoz\u00f3, \u00e1ltala egy adatkezel\u0151 rendelkez\u00e9s\u00e9re bocs\u00e1tott szem\u00e9lyes adatokat tagolt, sz\u00e9les k\u00f6rben haszn\u00e1lt, g\u00e9ppel olvashat\u00f3 form\u00e1tumban megkapja, tov\u00e1bb\u00e1 jogosult arra, hogy ezeket az adatokat egy m\u00e1sik adatkezel\u0151nek tov\u00e1bb\u00edtsa, amennyiben az adatkezel\u00e9s hozz\u00e1j\u00e1rul\u00e1son vagy szerz\u0151d\u00e9sen alapult.\u00a0<\/span><\/p>\n<p><span style=\"font-weight: 400;\">Tiltakoz\u00e1shoz val\u00f3 jog \u2013 Az \u00e9rintett jogosult arra, hogy b\u00e1rmikor tiltakozzon szem\u00e9lyes adatainak kezel\u00e9se ellen, amelynek kezel\u00e9se az adatkezel\u0151 jogos \u00e9rdek\u00e9n alapszik. Ebben az esetben az adatkezel\u0151 a szem\u00e9lyes adatokat nem kezelheti tov\u00e1bb, kiv\u00e9ve, ha az adatkezel\u0151 bizony\u00edtja, hogy az adatkezel\u00e9st olyan k\u00e9nyszer\u00edt\u0151 erej\u0171 jogos okok indokolj\u00e1k, amelyek els\u0151bbs\u00e9get \u00e9lveznek az \u00e9rintett \u00e9rdekeivel, jogaival \u00e9s szabads\u00e1gaival szemben, vagy amelyek jogi ig\u00e9nyek el\u0151terjeszt\u00e9s\u00e9hez, \u00e9rv\u00e9nyes\u00edt\u00e9s\u00e9hez vagy v\u00e9delm\u00e9hez kapcsol\u00f3dnak.\u00a0<\/span><\/p>\n<p><span style=\"font-weight: 400;\">Hozz\u00e1j\u00e1rul\u00e1s visszavon\u00e1sa \u2013 Ha az adatkezel\u00e9s hozz\u00e1j\u00e1rul\u00e1son alapult, az \u00e9rintett jogosult arra, hogy hozz\u00e1j\u00e1rul\u00e1s\u00e1t b\u00e1rmikor visszavonja. A hozz\u00e1j\u00e1rul\u00e1s visszavon\u00e1sa nem \u00e9rinti a hozz\u00e1j\u00e1rul\u00e1son alapul\u00f3, a visszavon\u00e1s el\u0151tti adatkezel\u00e9s jogszer\u0171s\u00e9g\u00e9t.<\/span><\/p>\n<p><span style=\"font-weight: 400;\">\u00a0\u00a0\u00a0\u00a0\u00a0\u00a0<\/span><span style=\"font-weight: 400;\">Az \u00d6n gyermekeinek adatv\u00e9delm\u00e9t k\u00fcl\u00f6n\u00f6sen fontosnak tartjuk, ez\u00e9rt semmilyen esetben nem kezelj\u00fck 16. \u00e9let\u00e9v\u00e9t be nem t\u00f6lt\u00f6tt szem\u00e9lyek adatait. A 16. \u00e9let\u00e9v\u00e9t be nem t\u00f6lt\u00f6tt gyermek eset\u00e9n, a gyermekek szem\u00e9lyes adatainak kezel\u00e9se csak akkor \u00e9s olyan m\u00e9rt\u00e9kben jogszer\u0171, ha a hozz\u00e1j\u00e1rul\u00e1st a gyermek feletti sz\u00fcl\u0151i fel\u00fcgyeletet gyakorl\u00f3 adta meg, illetve enged\u00e9lyezte.<\/span><\/p>\n<p><span style=\"font-weight: 400;\">Amennyiben tudom\u00e1sunkra jut, hogy b\u00e1rmely \u00e1ltalunk kezelt Szem\u00e9lyes adat, olyan szem\u00e9ly\u00e9, aki nem t\u00f6lt\u00f6tte be 16. \u00e9let\u00e9v\u00e9t, \u00e9s ezt t\u00f6rv\u00e9nyes k\u00e9pvisel\u0151je nem enged\u00e9lyezte, az ilyen adatot azonnali hat\u00e1llyal t\u00f6r\u00f6lj\u00fck. Ha tudom\u00e1s\u00e1ra jut, hogy olyan adatokat kezel\u00fcnk, amik 16. \u00e9let\u00e9v\u00e9t be nem t\u00f6lt\u00f6tt szem\u00e9lyekt\u0151l sz\u00e1rmaznak, vagy ilyen szem\u00e9lyeket \u00e9rintenek, k\u00e9rj\u00fck, t\u00e1j\u00e9koztassanak minket.\u00a0\u00a0\u00a0\u00a0<\/span><\/p>\n<p><span style=\"font-weight: 400;\">Minden fizet\u00e9ssel kapcsolatos m\u0171veletet \u00e9s elektronikusan v\u00e9grehajtott tranzakci\u00f3t egy online fizet\u00e9si szolg\u00e1ltat\u00f3n, a Global Payments s.r.o. c\u00e9gen (1117 Budapest, Okt\u00f3ber huszonharmadika utca 8-10. IV. em. 415) kereszt\u00fcl dolgozunk fel. A szolg\u00e1ltat\u00f3 adatv\u00e9delmi t\u00e1j\u00e9koz\u00f3j\u00e1t elolvashatj\u00e1k az al\u00e1bbi linken: <\/span><a href=\"https:\/\/gpnmerchant.com\/hu\/support@locale=hu.html#downloads.\"><span style=\"font-weight: 400;\">https:\/\/gpnmerchant.com\/hu\/support@locale=hu.html#downloads.<\/span><\/a><\/p>\n<p><span style=\"font-weight: 400;\">\u00a0Az \u00d6n szem\u00e9lyes adatait csak olyan terjedelemben tov\u00e1bb\u00edtjuk az online fizet\u00e9si szolg\u00e1ltat\u00e1st ny\u00fajt\u00f3 c\u00e9gnek, mely sz\u00fcks\u00e9ges a fizet\u00e9s feldolgoz\u00e1s\u00e1hoz, valamint az ilyen fizet\u00e9sek visszat\u00e9r\u00edt\u00e9s\u00e9vel \u00e9s panaszkezel\u00e9ssel kapcsolatosak.<\/span><\/p>\n<p><span style=\"font-weight: 400;\">A Weboldalunkon hivatkoz\u00e1sok tal\u00e1lhat\u00f3ak \u00e9s a k\u00fcls\u0151 weboldalak pontos inform\u00e1ci\u00f3i.<\/span><\/p>\n<p><span style=\"font-weight: 400;\">Nincs semmilyen ellen\u0151rz\u00e9s\u00fcnk, \u00e9s nem v\u00e1llalunk semmilyen felel\u0151ss\u00e9get k\u00fcls\u0151, harmadik szem\u00e9lyek szem\u00e9lyes adatainak v\u00e9delm\u00e9t \u00e9rint\u0151 felt\u00e9telek\u00e9rt \u00e9s folyamatok\u00e9rt.<\/span><\/p>\n<p><span style=\"font-weight: 400;\">A jelen Adatv\u00e9delmi T\u00e1j\u00e9koztat\u00f3 folyamatosan el\u00e9rhet\u0151 a Weboldalon.<\/span><\/p>\n<p><span style=\"font-weight: 400;\">V\u00e1llalatunk fenntartjuk mag\u00e1nak a jogot, hogy a jelen Szab\u00e1lyzatot egyoldal\u00faan m\u00f3dos\u00edtsa. A m\u00f3dos\u00edt\u00e1sokkal egybefoglalt hat\u00e1lyos\u00edtott szab\u00e1lyzatot minden esetben k\u00f6zz\u00e9tessz\u00fck weboldalunkon.<\/span><\/p>\n<p><span style=\"font-weight: 400;\">A szem\u00e9lyes adatok kezel\u00e9s\u00e9hez alkalmazott informatikai eszk\u00f6z\u00f6ket V\u00e1llalatunk \u00fagy v\u00e1lasztja meg \u00e9s \u00fczemelteti, hogy az:<\/span><\/p>\n<ul>\n<li style=\"font-weight: 400;\" aria-level=\"1\"><span style=\"font-weight: 400;\">az arra feljogos\u00edtottak sz\u00e1m\u00e1ra hozz\u00e1f\u00e9rhet\u0151 (rendelkez\u00e9sre \u00e1ll\u00e1s);<\/span><\/li>\n<li style=\"font-weight: 400;\" aria-level=\"1\"><span style=\"font-weight: 400;\">hiteless\u00e9ge \u00e9s hiteles\u00edt\u00e9se biztos\u00edtott (adatkezel\u00e9s hiteless\u00e9ge);<\/span><\/li>\n<li style=\"font-weight: 400;\" aria-level=\"1\"><span style=\"font-weight: 400;\">v\u00e1ltozatlans\u00e1ga igazolhat\u00f3 (adatintegrit\u00e1s);<\/span><\/li>\n<li style=\"font-weight: 400;\" aria-level=\"1\"><span style=\"font-weight: 400;\">a jogosulatlan hozz\u00e1f\u00e9r\u00e9s ellen v\u00e9dett (adat bizalmass\u00e1ga) legyen.<\/span><\/li>\n<\/ul>\n<p><span style=\"font-weight: 400;\">V\u00e1llalatunk olyan m\u0171szaki, szervez\u00e9si \u00e9s szervezeti int\u00e9zked\u00e9sekkel gondoskodik a szem\u00e9lyes adatok biztons\u00e1g\u00e1nak v\u00e9delm\u00e9r\u0151l, amely a szem\u00e9lyes adatok t\u00e1rol\u00e1s\u00e1val kapcsolatban jelentkez\u0151 kock\u00e1zatoknak megfelel\u0151 v\u00e9delmi szintet ny\u00fajt \u00e9s az adatkezel\u00e9s sor\u00e1n meg\u0151rzi<\/span><\/p>\n<ul>\n<li style=\"font-weight: 400;\" aria-level=\"1\"><span style=\"font-weight: 400;\">a titkoss\u00e1got: megv\u00e9di az inform\u00e1ci\u00f3t, hogy csak az f\u00e9rhessen hozz\u00e1, aki erre jogosult;<\/span><\/li>\n<li style=\"font-weight: 400;\" aria-level=\"1\"><span style=\"font-weight: 400;\">a s\u00e9rtetlens\u00e9get: megv\u00e9di az inform\u00e1ci\u00f3nak \u00e9s a feldolgoz\u00e1s m\u00f3dszer\u00e9nek a pontoss\u00e1g\u00e1t \u00e9s teljess\u00e9g\u00e9t;<\/span><\/li>\n<li style=\"font-weight: 400;\" aria-level=\"1\"><span style=\"font-weight: 400;\">a rendelkez\u00e9sre \u00e1ll\u00e1st: gondoskodik arr\u00f3l, hogy amikor a jogosult haszn\u00e1l\u00f3nak sz\u00fcks\u00e9ge van r\u00e1, val\u00f3ban hozz\u00e1 tudjon f\u00e9rni a k\u00edv\u00e1nt inform\u00e1ci\u00f3hoz, \u00e9s rendelkez\u00e9sre \u00e1lljanak az ezzel kapcsolatos eszk\u00f6z\u00f6k.<\/span><\/li>\n<\/ul>\n<p><span style=\"font-weight: 400;\">Informatikai rendszer\u00fcnk \u00e9s h\u00e1l\u00f3zatunk egyar\u00e1nt v\u00e9dett a sz\u00e1m\u00edt\u00f3g\u00e9ppel t\u00e1mogatott csal\u00e1s, k\u00e9mked\u00e9s, szabot\u00e1zs, vandalizmus, t\u0171z \u00e9s \u00e1rv\u00edz, tov\u00e1bb\u00e1 a sz\u00e1m\u00edt\u00f3g\u00e9pv\u00edrusok, a sz\u00e1m\u00edt\u00f3g\u00e9pes bet\u00f6r\u00e9sek \u00e9s a szolg\u00e1latmegtagad\u00e1sra vezet\u0151 t\u00e1mad\u00e1sok ellen. Az informatikai biztons\u00e1gr\u00f3l szerverszint\u0171 \u00e9s alkalmaz\u00e1sszint\u0171 v\u00e9delmi elj\u00e1r\u00e1sokkal gondoskodunk.<\/span><\/p>\n<p><span style=\"font-weight: 400;\">Adatv\u00e9delmi incidens eset\u00e9n V\u00e1llalatunk minden GDPR \u00e1ltal el\u0151\u00edrt int\u00e9zked\u00e9st megtesz, egy\u00fcttm\u0171k\u00f6dik \u00e9s kijelenti, hogy az adatv\u00e9delmi incidensek kezel\u00e9s\u00e9re megfelel\u0151 szab\u00e1lyzattal rendelkezik.<\/span><\/p>\n<p><span style=\"font-weight: 400;\">Ba\u0301rmikor kapcsolatba le\u0301phet vel\u00fcnk a fentiekben emli\u0301tett kapcsolattarta\u0301si mo\u0301dokon ala\u0301bbi jogai gyakorla\u0301sa e\u0301rdeke\u0301ben:\u00a0<\/span><\/p>\n<ul>\n<li style=\"font-weight: 400;\" aria-level=\"1\"><span style=\"font-weight: 400;\">Joga van az adatkezele\u0301sre vonatkozo\u0301 informa\u0301cio\u0301kro\u0301l, valamint a feldolgozott adatokro\u0301l ma\u0301solatot ke\u0301rni (hozza\u0301fe\u0301re\u0301si jog GDPR 15. cikk),\u00a0<\/span><\/li>\n<li style=\"font-weight: 400;\" aria-level=\"1\"><span style=\"font-weight: 400;\">Joga van a pontatlan adatok helyesbi\u0301te\u0301se\u0301t vagy befejezetlen adatok kijavi\u0301ta\u0301sa\u0301t ke\u0301rni, (helyesbi\u0301te\u0301shez jog GDPR 16. cikk)<\/span><\/li>\n<li style=\"font-weight: 400;\" aria-level=\"1\"><span style=\"font-weight: 400;\">Joga van szeme\u0301lyes adatainak to\u0308rle\u0301se\u0301t ke\u0301rni, tova\u0301bba\u0301 joga van ahhoz ha, hogy ha a szeme\u0301lyes adatai nyilva\u0301nossa\u0301gra keru\u0308ltek, to\u0308rle\u0301s ira\u0301nti ke\u0301relme\u0301t ma\u0301s adatkezelo\u030bk re\u0301sze\u0301re is tova\u0301bbi\u0301tsa\u0301k (to\u0308rle\u0301shez valo\u0301 jog GDPR 17. cikk)<\/span><\/li>\n<li style=\"font-weight: 400;\" aria-level=\"1\"><span style=\"font-weight: 400;\">Joga van ke\u0301rni az adatkezele\u0301s korla\u0301toza\u0301sa\u0301t (adatkezele\u0301s korla\u0301toza\u0301sa\u0301hoz valo\u0301 jog GDPR 18. cikk, Info tv. ),\u00a0<\/span><\/li>\n<li style=\"font-weight: 400;\" aria-level=\"1\"><span style=\"font-weight: 400;\">Joga van az O\u0308nre vonatkozo\u0301 szeme\u0301lyes adatokat struktura\u0301lt, a\u0301ltala\u0301nosan haszna\u0301lt e\u0301s ge\u0301pileg olvashato\u0301 forma\u0301ban megszerezni, valamint ezen adatok a\u0301tada\u0301sa\u0301t ke\u0301rni egy ma\u0301sik adatkezelo\u030b re\u0301sze\u0301re (adathordozhato\u0301sa\u0301ghoz valo\u0301 jog GDPR 20. cikk),\u00a0<\/span><\/li>\n<li style=\"font-weight: 400;\" aria-level=\"1\"><span style=\"font-weight: 400;\">Joga van az adatkezele\u0301s ellen tiltakozni (tiltakoza\u0301shoz valo\u0301 jog GDPR 21. cikk)<\/span><\/li>\n<li style=\"font-weight: 400;\" aria-level=\"1\"><span style=\"font-weight: 400;\">Joga van a hozza\u0301ja\u0301rula\u0301sa\u0301n alapulo\u0301 adatkezele\u0301sne\u0301l a hozza\u0301ja\u0301rula\u0301sa\u0301nak ba\u0301rmikori visszavona\u0301sa\u0301ra. A hozza\u0301ja\u0301rula\u0301s visszavona\u0301sa az azt megelo\u030bzo\u030b ido\u030bszak adatkezele\u0301se\u0301nek jogszeru\u030bse\u0301ge\u0301t nem befolya\u0301solja. (hozza\u0301ja\u0301rula\u0301s visszavona\u0301sa\u0301hoz valo\u0301 jog, GDPR 7. cikk (3) bek.).\u00a0<\/span><\/li>\n<li style=\"font-weight: 400;\" aria-level=\"1\"><span style=\"font-weight: 400;\">Joga van a felu\u0308gyeleti hato\u0301sa\u0301gna\u0301l panaszt benyu\u0301jtani, ha u\u0301gy i\u0301te\u0301li meg, hogy az adatkezele\u0301s valamely jogszaba\u0301llyal ellente\u0301tes. (felu\u0308gyeleti hato\u0301sa\u0301gna\u0301l to\u0308rte\u0301no\u030b panaszte\u0301telhez valo\u0301 jog GDPR 77. cikk)\u00a0<\/span><\/li>\n<\/ul>\n<p><span style=\"font-weight: 400;\">\u00d6n adatkezel\u00e9s\u00fcnk miatt jogosult a Nemzeti Adatve\u0301delmi e\u0301s Informa\u0301cio\u0301szabadsa\u0301g Hato\u0301sa\u0301g fel\u00e9 (1055 Budapest, Falk Miksa utca 9-11. levelez\u00e9si c\u00edm: 1374 Budapest, Pf. 603., telefon: +36 (1) 391-1400, fax: +36 (1) 391-1410, email: <\/span><a href=\"mailto:ugyfelszolgalat@naih.hu\"><span style=\"font-weight: 400;\">ugyfelszolgalat@naih.hu<\/span><\/a><span style=\"font-weight: 400;\">, honlap: <\/span><a href=\"http:\/\/www.naih.hu\"><span style=\"font-weight: 400;\">www.naih.hu<\/span><\/a><span style=\"font-weight: 400;\">) panaszt benyu\u0301jtani, tova\u0301bbi jogorvoslatk\u00e9nt bi\u0301ro\u0301sa\u0301gn\u00e1l peres elja\u0301ra\u0301st kezdeme\u0301nyezni.<\/span><\/p>\n<p><span style=\"font-weight: 400;\">A \u201ecookiek\u201d (vagy m\u00e1s n\u00e9ven s\u00fctik) a weboldalak felhaszn\u00e1l\u00e1s\u00e1t seg\u00edt\u0151 informatikai adatok, melyek a v\u00e9gs\u0151 felhaszn\u00e1l\u00f3 g\u00e9p\u00e9n t\u00e1rol\u00f3dnak, \u00e9s weboldalak l\u00e1togat\u00e1s\u00e1t biztos\u00edtj\u00e1k.<\/span><\/p>\n<p><span style=\"font-weight: 400;\">Az adott oldal \u00fczemeltet\u0151je \u00e1ltal alkalmazott cookiek biztons\u00e1gosak a felhaszn\u00e1l\u00f3 sz\u00e1m\u00edt\u00f3g\u00e9p\u00e9re, mobiltelefonj\u00e1ra, egy\u00e9b adathordoz\u00f3j\u00e1ra \u00e9s \u00e1ltal\u00e1ban a k\u00f6vetkez\u0151ket tartalmazz\u00e1k: domain n\u00e9v, ahonnan sz\u00e1rmaznak, a t\u00e1rol\u00e1si id\u0151tartamot \u00e9s a t\u00e1rolt \u00e9rt\u00e9ket.<\/span><\/p>\n<p><span style=\"font-weight: 400;\">Munkamenet cookiek \u2013 addig maradnak eszk\u00f6z\u00e9n, am\u00edg a felhaszn\u00e1l\u00f3 az adott weboldalon tart\u00f3zkodik. Az \u00edgy mentett inform\u00e1ci\u00f3k t\u00f6rl\u0151dnek, amint a felhaszn\u00e1l\u00f3 elhagyja az adott oldalt.<\/span><\/p>\n<p><span style=\"font-weight: 400;\">Id\u0151szakos cookiek \u2013 elhelyez\u00e9s\u00fck id\u0151pontj\u00e1ban lej\u00e1rati d\u00e1tum ker\u00fcl be\u00e1ll\u00edt\u00e1sra ben\u00fck, \u00e9s eg\u00e9szen a lej\u00e1rati d\u00e1tumig a felhaszn\u00e1l\u00f3 eszk\u00f6z\u00e9n maradnak, vagy am\u00edg a felhaszn\u00e1l\u00f3 manu\u00e1lisan ki nem t\u00f6rli \u0151ket. A weboldal elhagy\u00e1sa nem eredm\u00e9nyezi ezek t\u00f6rl\u00e9s\u00e9t.<\/span><\/p>\n<p><span style=\"font-weight: 400;\">Saj\u00e1t cookiek (az \u00fczemeltet\u0151 helyezi fel a honlapra): az adott pillanatban l\u00e1togatott oldal \u00e1ltal ker\u00fclnek be\u00e1ll\u00edt\u00e1sra \u00e9s csak ez az oldal ismeri fel \u0151ket.<\/span><\/p>\n<p><span style=\"font-weight: 400;\">T\u00edpusai: Sz\u00fcks\u00e9ges: az oldal megfelel\u0151 m\u0171k\u00f6d\u00e9s\u00e9hez elengedhetetlen \/ Funkcion\u00e1lis: az oldal optim\u00e1lis m\u0171k\u00f6d\u00e9s\u00e9hez sz\u00fcks\u00e9ges, aj\u00e1nlott<\/span><\/p>\n<p><span style=\"font-weight: 400;\">A saj\u00e1t cookie-k a n\u00f6velik \u00e9s optimaliz\u00e1lj\u00e1k a szolg\u00e1ltat\u00e1sok hat\u00e9konys\u00e1g\u00e1t \u00e9s a weboldal megb\u00edzhat\u00f3s\u00e1g\u00e1t, illetve biztos\u00edtj\u00e1k a weboldal biztons\u00e1g\u00e1t.\u00a0<\/span><\/p>\n<p><span style=\"font-weight: 400;\">Harmadik f\u00e9l cookiek (az \u00fczemeltet\u0151 olyan partnerei m\u0171k\u00f6dtetik, akiket az k\u00fcl\u00f6nb\u00f6z\u0151 szolg\u00e1ltat\u00e1sok ny\u00fajt\u00e1s\u00e1val b\u00edzott meg):<\/span><\/p>\n<ul>\n<li style=\"font-weight: 400;\" aria-level=\"1\"><span style=\"font-weight: 400;\">\u00e1ltal\u00e1nos \u00e9s anonim l\u00e1togatotts\u00e1gi statisztikai adatokat gy\u0171jt be analitikus eszk\u00f6z\u00f6k seg\u00edts\u00e9g\u00e9vel<\/span><\/li>\n<li style=\"font-weight: 400;\" aria-level=\"1\"><span style=\"font-weight: 400;\">hirdet\u00e9sek megjelen\u00edt\u00e9s\u00e9t \u00e9s kattint\u00e1s\u00e1t m\u00e9ri<\/span><\/li>\n<li style=\"font-weight: 400;\" aria-level=\"1\"><span style=\"font-weight: 400;\">k\u00f6z\u00f6ss\u00e9gi m\u00e9dia cookiek \u2013 \u201eTetszik\u201d gomb<\/span><\/li>\n<\/ul>\n<p><span style=\"font-weight: 400;\">Ha a jelen Szab\u00e1lyzattal vagy a szem\u00e9lyes adatok kezel\u00e9s\u00e9vel kapcsolatban b\u00e1rmilyen k\u00e9rd\u00e9se van, k\u00e9rj\u00fck vegye fel vel\u00fcnk a kapcsolatot e-mailben a <\/span><a href=\"mailto:nugou@nugosu.gg\"><span style=\"font-weight: 400;\">nugou@nugosu.gg<\/span><\/a><span style=\"font-weight: 400;\"> c\u00edmen.<\/span><\/p>\n","protected":false},"excerpt":{"rendered":"<p>Adatv\u00e9delmi Szab\u00e1lyzat A jelen Adatv\u00e9delmi Szab\u00e1lyzat (a tov\u00e1bbiakban: Felt\u00e9telek) r\u00f6gz\u00edti azokat a felt\u00e9teleket, amelyekkel a NG EU s.r.o., t\u00e1rsas\u00e1g, sz\u00e9khely: [&hellip;]<\/p>\n","protected":false},"author":2,"featured_media":0,"parent":0,"menu_order":0,"comment_status":"closed","ping_status":"closed","template":"","meta":{"footnotes":""},"class_list":["post-111829","page","type-page","status-publish","hentry"],"_links":{"self":[{"href":"https:\/\/nugosu.gg\/hu\/wp-json\/wp\/v2\/pages\/111829","targetHints":{"allow":["GET"]}}],"collection":[{"href":"https:\/\/nugosu.gg\/hu\/wp-json\/wp\/v2\/pages"}],"about":[{"href":"https:\/\/nugosu.gg\/hu\/wp-json\/wp\/v2\/types\/page"}],"author":[{"embeddable":true,"href":"https:\/\/nugosu.gg\/hu\/wp-json\/wp\/v2\/users\/2"}],"replies":[{"embeddable":true,"href":"https:\/\/nugosu.gg\/hu\/wp-json\/wp\/v2\/comments?post=111829"}],"version-history":[{"count":0,"href":"https:\/\/nugosu.gg\/hu\/wp-json\/wp\/v2\/pages\/111829\/revisions"}],"wp:attachment":[{"href":"https:\/\/nugosu.gg\/hu\/wp-json\/wp\/v2\/media?parent=111829"}],"curies":[{"name":"wp","href":"https:\/\/api.w.org\/{rel}","templated":true}]}}